{"id":1676,"date":"2025-05-26T20:00:26","date_gmt":"2025-05-26T18:00:26","guid":{"rendered":"https:\/\/www.grimmhof.it\/?page_id=1676"},"modified":"2026-01-14T20:09:28","modified_gmt":"2026-01-14T19:09:28","slug":"cartedumenufranzosisch","status":"publish","type":"page","link":"https:\/\/www.grimmhof.it\/en\/cartedumenufranzosisch\/","title":{"rendered":"Men\u00fc Chinesisch (DE) Koreanischn(ITA) Franz\u00f6sisch (ENG)"},"content":{"rendered":"\n<div class=\"wp-block-cover alignfull is-light ohneAbstandOben\" style=\"min-height:100vh;aspect-ratio:unset;\"><img loading=\"lazy\" decoding=\"async\" width=\"1400\" height=\"933\" class=\"wp-block-cover__image-background wp-image-820 size-large\" alt=\"\" src=\"https:\/\/www.grimmhof.it\/wp-content\/uploads\/2025\/01\/20210712175838-_8501580-1400x933.jpg\" style=\"object-position:40% 60%\" data-object-fit=\"cover\" data-object-position=\"40% 60%\" srcset=\"https:\/\/www.grimmhof.it\/wp-content\/uploads\/2025\/01\/20210712175838-_8501580-1400x933.jpg 1400w, https:\/\/www.grimmhof.it\/wp-content\/uploads\/2025\/01\/20210712175838-_8501580-700x467.jpg 700w, https:\/\/www.grimmhof.it\/wp-content\/uploads\/2025\/01\/20210712175838-_8501580-768x512.jpg 768w, https:\/\/www.grimmhof.it\/wp-content\/uploads\/2025\/01\/20210712175838-_8501580-50x33.jpg 50w, https:\/\/www.grimmhof.it\/wp-content\/uploads\/2025\/01\/20210712175838-_8501580-1600x1066.jpg 1600w, https:\/\/www.grimmhof.it\/wp-content\/uploads\/2025\/01\/20210712175838-_8501580-1536x1024.jpg 1536w, https:\/\/www.grimmhof.it\/wp-content\/uploads\/2025\/01\/20210712175838-_8501580.jpg 2048w\" sizes=\"auto, (max-width: 1400px) 100vw, 1400px\" \/><span aria-hidden=\"true\" class=\"wp-block-cover__background has-background-dim-0 has-background-dim\" style=\"background-color:#aea19e\"><\/span><div class=\"wp-block-cover__inner-container has-global-padding is-layout-constrained wp-block-cover-is-layout-constrained\">\n<p class=\"has-text-align-center has-large-font-size\"><\/p>\n<\/div><\/div>\n\n\n\n<div class=\"wp-block-buttons is-content-justification-center is-layout-flex wp-container-core-buttons-is-layout-a89b3969 wp-block-buttons-is-layout-flex\">\n<div class=\"wp-block-button\"><a class=\"wp-block-button__link wp-element-button\" href=\"https:\/\/www.grimmhof.it\/de\/speisekarte\/\">DEUTSCH<\/a><\/div>\n\n\n\n<div class=\"wp-block-button\"><a class=\"wp-block-button__link wp-element-button\" href=\"https:\/\/www.grimmhof.it\/it\/menu\/\">ITALIANO<\/a><\/div>\n\n\n\n<div class=\"wp-block-button\"><a class=\"wp-block-button__link wp-element-button\" href=\"https:\/\/www.grimmhof.it\/en\/menu\/\">ENGLISH<\/a><\/div>\n\n\n\n<div class=\"wp-block-button\"><a class=\"wp-block-button__link wp-element-button\" href=\"https:\/\/www.grimmhof.it\/de\/%e8%8f%9c%e5%8d%95-chinesisch\/\"><strong>\u4e2d\u6587<\/strong><\/a><\/div>\n\n\n\n<div class=\"wp-block-button\"><a class=\"wp-block-button__link wp-element-button\" href=\"https:\/\/www.grimmhof.it\/it\/\uba54\ub274\ud310-koreanisch\/\"><strong>\ud55c\uad6d\uc5b4<\/strong><\/a><\/div>\n\n\n\n<div class=\"wp-block-button\"><a class=\"wp-block-button__link wp-element-button\" href=\"https:\/\/www.grimmhof.it\/en\/cartedumenufranzosisch\/\">Fran\u00e7ais<\/a><\/div>\n<\/div>\n\n\n\n<h1 class=\"wp-block-heading has-text-align-center\" style=\"padding-top:var(--wp--preset--spacing--30);padding-bottom:var(--wp--preset--spacing--30)\">Sp\u00e9cialit\u00e9s de la montagne<\/h1>\n\n\n\n<p class=\"has-text-align-center\"><strong>Plateau Edlweiss<\/strong><br>Lard (Speck)| Fromage | Saucisse fum\u00e9e (Kaminwurze) | Raifort | L\u00e9gumes au vinaigre | Pain<br>\u20ac 18,00<\/p>\n\n\n\n<p class=\"has-text-align-center\"><strong>Plateau de lard (Speck)<\/strong><br>Lard (Speck) | Raifort | L\u00e9gumes au vinaigre | Pain<br>\u20ac 16,50<\/p>\n\n\n\n<p class=\"has-text-align-center\"><strong>Plateau de fromages<\/strong><br>Assortiment de fromages | Chutney | L\u00e9gumes au vinaigre | Pain<br>\u20ac 17,00<\/p>\n\n\n\n<hr class=\"wp-block-separator has-alpha-channel-opacity is-style-dots\"\/>\n\n\n\n<h2 class=\"wp-block-heading has-text-align-center\" id=\"start\" style=\"margin-top:var(--wp--preset--spacing--50);margin-bottom:0\">Plats principaux<\/h2>\n\n\n\n<p class=\"has-text-align-center\"><strong>P\u00e2tes de montagne<\/strong> (H\u00fcttennudel)<br>Sauce tomate | Lard (Speck)| Oignon | Ail | Cr\u00e8me | Champignons | Grana Padano<br>\u20ac 14,50<\/p>\n\n\n\n<p class=\"has-text-align-center\"><strong>Trois quenelles aux \u00e9pinards<\/strong> (Kn\u00f6del)<br>Salade de chou | Grana Padano | Beurre fondu des alpages<br>\u20ac 14,50<\/p>\n\n\n\n<p class=\"has-text-align-center\"><strong>Gnocchis bio pomme de terre et \u00e9peautre, faits main par &#8220;<a href=\"http:\/\/past-da.com\">Past-Da<\/a>&#8220;<\/strong><br>Gorgonzola | noix<br>\u20ac 17,00<\/p>\n\n\n\n<p class=\"has-text-align-center\"><strong>Raviolis bio de pain rustique, faits main par &#8220;<a href=\"http:\/\/past-da.com\">Past-Da<\/a>&#8220;<\/strong><br>Farcis au fromage de montagne <br>\u20ac 17,00<\/p>\n\n\n\n<p class=\"has-text-align-center\"><strong>Soupe de goulasch<\/strong><br>Servie avec pain <br>\u20ac 13,00<\/p>\n\n\n\n<h2 class=\"wp-block-heading has-text-align-center\" id=\"start\" style=\"margin-top:var(--wp--preset--spacing--50);margin-bottom:0\">Accompagnements<\/h2>\n\n\n\n<p class=\"has-text-align-center\"><strong>Salade de chou<\/strong><br>Marin\u00e9e de fa\u00e7on classique avec du carvi | Vinaigre de vin | Croquante et bien \u00e9quilibr\u00e9e<br>\u20ac 6,50<\/p>\n\n\n\n<p class=\"has-text-align-center\"><strong>Salade de chou au lard (Speck)<\/strong><br>Marin\u00e9e de fa\u00e7on classique avec du carvi | Vinaigre de vin | Croquante et bien \u00e9quilibr\u00e9e<br>\u20ac 7,50<\/p>\n\n\n\n<p class=\"has-text-align-center\"><strong>Corbeille de pain<\/strong><br>S\u00e9lection de pains de ferme tout juste sortis du four<br>\u20ac 4,00<\/p>\n\n\n\n<hr class=\"wp-block-separator has-alpha-channel-opacity is-style-dots\"\/>\n\n\n\n<h2 class=\"wp-block-heading has-text-align-center\" id=\"start\" style=\"margin-top:var(--wp--preset--spacing--50);margin-bottom:0\">Snacks<\/h2>\n\n\n\n<p class=\"has-text-align-center\"><strong>Toast fermier du Tyrol du Sud (chaud)<\/strong><br>Pain de seigle | Lard (Speck) | Fromage des alpages | Origan<br>\u20ac 7,00<\/p>\n\n\n\n<p class=\"has-text-align-center\"><strong>Maxi-toast chaud<\/strong><br>Jambon | Fromage<br>\u20ac 6,00<\/p>\n\n\n\n<p class=\"has-text-align-center\"><strong>Focaccia chaude<\/strong><br>Tomates | Mozzarella | Pesto | Roquette<br>\u20ac 9,00<\/p>\n\n\n\n<hr class=\"wp-block-separator has-alpha-channel-opacity is-style-dots\" style=\"margin-top:var(--wp--preset--spacing--50);margin-bottom:var(--wp--preset--spacing--50)\"\/>\n\n\n\n<h2 class=\"wp-block-heading has-text-align-center\">Pour nos petits invit\u00e9s<\/h2>\n\n\n\n<p class=\"has-text-align-center\"><strong>P\u00e2tes de Heidi \u00e0 la sauce tomate<\/strong><br>\u20ac 8,00<\/p>\n\n\n\n<p class=\"has-text-align-center\"><strong>Maxi-toast chaud de la sorci\u00e8re Nix<\/strong><br>Jambon | Fromage | Ketchup | Mayonnaise<br>\u20ac 6,00<\/p>\n\n\n\n<h2 class=\"wp-block-heading has-text-align-center\" id=\"start\" style=\"margin-top:var(--wp--preset--spacing--50);margin-bottom:0\">Nos desserts faits maison avec amour<\/h2>\n\n\n\n<p class=\"has-text-align-center\"><strong>Strudel aux pommes du Tyrol du Sud<\/strong><br>P\u00e2te sabl\u00e9e | Pommes fra\u00eeches du Tyrol du Sud | Cannelle<br>\u20ac 6,00<\/p>\n\n\n\n<p class=\"has-text-align-center\"><strong>G\u00e2teau au chocolat<\/strong><br>Chocolat | Confiture d\u2019abricots<br>\u20ac 6,00<\/p>\n\n\n\n<p class=\"has-text-align-center\"><strong>G\u00e2teau aux pommes et graines de pavot<\/strong><br>Farine de sarrasin<br>\u20ac 6,00<\/p>\n\n\n\n<p class=\"has-text-align-center\"><strong>Roul\u00e9 \u00e0 la cannelle<\/strong><br>\u20ac 6,00<\/p>\n\n\n\n<p class=\"has-text-align-center\">Avec de la cr\u00e8me fouett\u00e9e fra\u00eeche du Tyrol du Sud<br>+ \u20ac 1,50<\/p>\n\n\n\n<p class=\"has-text-align-center\">Et\/ou avec une d\u00e9licate sauce \u00e0 la vanille<br>+ \u20ac 1,50<\/p>\n\n\n\n<hr class=\"wp-block-separator has-alpha-channel-opacity is-style-dots\"\/>\n\n\n\n<div class=\"wp-block-buttons is-content-justification-center is-layout-flex wp-container-core-buttons-is-layout-a89b3969 wp-block-buttons-is-layout-flex\">\n<div class=\"wp-block-button\"><a class=\"wp-block-button__link has-text-align-center wp-element-button\" href=\"https:\/\/www.grimmhof.it\/wp-content\/uploads\/2025\/01\/menu.pdf\">Carte des boissons<\/a><\/div>\n<\/div>\n\n\n\n<p><\/p>\n","protected":false},"excerpt":{"rendered":"<p>Sp\u00e9cialit\u00e9s de la montagne Plateau EdlweissLard (Speck)| Fromage | Saucisse fum\u00e9e (Kaminwurze) | Raifort | L\u00e9gumes au vinaigre | Pain\u20ac 18,00 Plateau de lard (Speck)Lard (Speck) | Raifort | L\u00e9gumes au vinaigre | Pain\u20ac 16,50 Plateau de fromagesAssortiment de fromages | Chutney | L\u00e9gumes au vinaigre | Pain\u20ac 17,00 Plats principaux P\u00e2tes de montagne (H\u00fcttennudel)Sauce [&hellip;]<\/p>\n","protected":false},"author":2,"featured_media":0,"parent":0,"menu_order":0,"comment_status":"closed","ping_status":"closed","template":"","meta":{"footnotes":""},"class_list":["post-1676","page","type-page","status-publish","hentry"],"_links":{"self":[{"href":"https:\/\/www.grimmhof.it\/en\/wp-json\/wp\/v2\/pages\/1676","targetHints":{"allow":["GET"]}}],"collection":[{"href":"https:\/\/www.grimmhof.it\/en\/wp-json\/wp\/v2\/pages"}],"about":[{"href":"https:\/\/www.grimmhof.it\/en\/wp-json\/wp\/v2\/types\/page"}],"author":[{"embeddable":true,"href":"https:\/\/www.grimmhof.it\/en\/wp-json\/wp\/v2\/users\/2"}],"replies":[{"embeddable":true,"href":"https:\/\/www.grimmhof.it\/en\/wp-json\/wp\/v2\/comments?post=1676"}],"version-history":[{"count":16,"href":"https:\/\/www.grimmhof.it\/en\/wp-json\/wp\/v2\/pages\/1676\/revisions"}],"predecessor-version":[{"id":2396,"href":"https:\/\/www.grimmhof.it\/en\/wp-json\/wp\/v2\/pages\/1676\/revisions\/2396"}],"wp:attachment":[{"href":"https:\/\/www.grimmhof.it\/en\/wp-json\/wp\/v2\/media?parent=1676"}],"curies":[{"name":"wp","href":"https:\/\/api.w.org\/{rel}","templated":true}]}}