{"id":2324,"date":"2025-12-18T19:06:51","date_gmt":"2025-12-18T18:06:51","guid":{"rendered":"https:\/\/www.grimmhof.it\/?page_id=2324"},"modified":"2026-04-19T20:57:03","modified_gmt":"2026-04-19T18:57:03","slug":"huettenjob-edlweisshuette","status":"publish","type":"page","link":"https:\/\/www.grimmhof.it\/de\/huettenjob-edlweisshuette\/","title":{"rendered":"H\u00fcttenjob"},"content":{"rendered":"\n<div class=\"wp-block-cover alignfull is-light has-custom-content-position is-position-bottom-center ohneAbstandOben\" style=\"min-height:100vh;aspect-ratio:unset;\"><img loading=\"lazy\" decoding=\"async\" width=\"1400\" height=\"934\" class=\"wp-block-cover__image-background wp-image-2131 size-large\" alt=\"\" src=\"https:\/\/www.grimmhof.it\/wp-content\/uploads\/2025\/11\/fabian-dalpiaz-web2-4-4-1400x934.jpg\" style=\"object-position:25% 53%\" data-object-fit=\"cover\" data-object-position=\"25% 53%\" srcset=\"https:\/\/www.grimmhof.it\/wp-content\/uploads\/2025\/11\/fabian-dalpiaz-web2-4-4-1400x934.jpg 1400w, https:\/\/www.grimmhof.it\/wp-content\/uploads\/2025\/11\/fabian-dalpiaz-web2-4-4.jpg 2048w, https:\/\/www.grimmhof.it\/wp-content\/uploads\/2025\/11\/fabian-dalpiaz-web2-4-4-700x467.jpg 700w, https:\/\/www.grimmhof.it\/wp-content\/uploads\/2025\/11\/fabian-dalpiaz-web2-4-4-768x512.jpg 768w, https:\/\/www.grimmhof.it\/wp-content\/uploads\/2025\/11\/fabian-dalpiaz-web2-4-4-50x33.jpg 50w, https:\/\/www.grimmhof.it\/wp-content\/uploads\/2025\/11\/fabian-dalpiaz-web2-4-4-1600x1067.jpg 1600w, https:\/\/www.grimmhof.it\/wp-content\/uploads\/2025\/11\/fabian-dalpiaz-web2-4-4-1536x1025.jpg 1536w\" sizes=\"auto, (max-width: 1400px) 100vw, 1400px\" \/><span aria-hidden=\"true\" class=\"wp-block-cover__background has-background-dim-0 has-background-dim\"><\/span><div class=\"wp-block-cover__inner-container is-layout-flow wp-block-cover-is-layout-flow\">\n<div class=\"wp-block-group is-horizontal is-content-justification-center is-layout-flex wp-container-core-group-is-layout-6bd4d9d1 wp-block-group-is-layout-flex\" style=\"min-height:50vh\">\n<p><\/p>\n<\/div>\n\n\n\n<h1 class=\"wp-block-heading has-text-align-center has-base-color has-text-color has-link-color wp-elements-b04628cc1179682692f4425d55a5b2d6\">H\u00fcttenjob auf<strong> der seiser alm<\/strong><\/h1>\n\n\n\n<div class=\"wp-block-group more has-global-padding is-layout-constrained wp-block-group-is-layout-constrained\">\n<figure class=\"wp-block-image aligncenter size-full\"><a href=\"#start\"><img decoding=\"async\" src=\"https:\/\/www.grimmhof.it\/wp-content\/uploads\/2024\/12\/icon-more.svg\" alt=\"\" class=\"wp-image-40\"\/><\/a><\/figure>\n<\/div>\n<\/div><\/div>\n\n\n\n<h1 class=\"wp-block-heading has-text-align-center\" id=\"start\" style=\"margin-top:var(--wp--preset--spacing--50);margin-bottom:0\">Arbeiten auf der Edlweissh\u00fctte<\/h1>\n\n\n\n<h2 class=\"wp-block-heading has-text-align-center\">Lust auf was Neues?<\/h2>\n\n\n\n<div class=\"wp-block-group has-global-padding is-layout-constrained wp-container-core-group-is-layout-8dd13e6d wp-block-group-is-layout-constrained\" style=\"padding-right:var(--wp--preset--spacing--60);padding-left:var(--wp--preset--spacing--60)\">\n<div class=\"wp-block-group is-nowrap is-layout-flex wp-container-core-group-is-layout-6c531013 wp-block-group-is-layout-flex\">\n<p class=\"has-text-align-center\">Wir sind laufend auf der Suche nach motivierten Mitarbeiter:innen (m\/w\/d\/deutsch) f\u00fcr Saisonsstellen in unserer familiengef\u00fchrten Edlweissh\u00fctte auf der Seiser Alm.<br>Lebendige Arbeitstage, direkte G\u00e4stekontakte und ein starkes, \u00fcberschaubares Team warten auf Dich. <\/p>\n<\/div>\n\n\n\n<div class=\"wp-block-buttons alignfull is-content-justification-center is-layout-flex wp-container-core-buttons-is-layout-a89b3969 wp-block-buttons-is-layout-flex\">\n<div class=\"wp-block-button\"><a class=\"wp-block-button__link has-medium-font-size has-custom-font-size wp-element-button\" href=\"mailto:info@grimmhof.it\">&#x1f449;&#x1f3fc; Jetzt bewerben<\/a><\/div>\n<\/div>\n<\/div>\n\n\n\n<p class=\"has-text-align-center\"><strong>Unser Team f\u00fcr die Sommersaison 2026 ist bereits komplett.<\/strong> <br>Vielen Dank f\u00fcr das gro\u00dfe Interesse an der Edlweissh\u00fctte! Initiativbewerbungen sind weiterhin jederzeit willkommen.<\/p>\n\n\n\n<h2 class=\"wp-block-heading has-text-align-center\">Die Edlweissh\u00fctte<\/h2>\n\n\n\n<figure data-wp-context=\"{&quot;imageId&quot;:&quot;69f593e012d95&quot;}\" data-wp-interactive=\"core\/image\" class=\"wp-block-image size-full has-custom-border wp-lightbox-container\"><img loading=\"lazy\" decoding=\"async\" width=\"2048\" height=\"1536\" data-wp-class--hide=\"state.isContentHidden\" data-wp-class--show=\"state.isContentVisible\" data-wp-init=\"callbacks.setButtonStyles\" data-wp-on-async--click=\"actions.showLightbox\" data-wp-on-async--load=\"callbacks.setButtonStyles\" data-wp-on-async-window--resize=\"callbacks.setButtonStyles\" src=\"https:\/\/www.grimmhof.it\/wp-content\/uploads\/2025\/01\/regenbogen.jpg\" alt=\"\" class=\"wp-image-571\" style=\"border-style:none;border-width:0px\" srcset=\"https:\/\/www.grimmhof.it\/wp-content\/uploads\/2025\/01\/regenbogen.jpg 2048w, https:\/\/www.grimmhof.it\/wp-content\/uploads\/2025\/01\/regenbogen-700x525.jpg 700w, https:\/\/www.grimmhof.it\/wp-content\/uploads\/2025\/01\/regenbogen-1400x1050.jpg 1400w, https:\/\/www.grimmhof.it\/wp-content\/uploads\/2025\/01\/regenbogen-768x576.jpg 768w, https:\/\/www.grimmhof.it\/wp-content\/uploads\/2025\/01\/regenbogen-50x38.jpg 50w, https:\/\/www.grimmhof.it\/wp-content\/uploads\/2025\/01\/regenbogen-1600x1200.jpg 1600w, https:\/\/www.grimmhof.it\/wp-content\/uploads\/2025\/01\/regenbogen-1536x1152.jpg 1536w\" sizes=\"auto, (max-width: 2048px) 100vw, 2048px\" \/><button\n\t\t\tclass=\"lightbox-trigger\"\n\t\t\ttype=\"button\"\n\t\t\taria-haspopup=\"dialog\"\n\t\t\taria-label=\"Vergr\u00f6\u00dfern\"\n\t\t\tdata-wp-init=\"callbacks.initTriggerButton\"\n\t\t\tdata-wp-on-async--click=\"actions.showLightbox\"\n\t\t\tdata-wp-style--right=\"state.imageButtonRight\"\n\t\t\tdata-wp-style--top=\"state.imageButtonTop\"\n\t\t>\n\t\t\t<svg xmlns=\"http:\/\/www.w3.org\/2000\/svg\" width=\"12\" height=\"12\" fill=\"none\" viewBox=\"0 0 12 12\">\n\t\t\t\t<path fill=\"#fff\" d=\"M2 0a2 2 0 0 0-2 2v2h1.5V2a.5.5 0 0 1 .5-.5h2V0H2Zm2 10.5H2a.5.5 0 0 1-.5-.5V8H0v2a2 2 0 0 0 2 2h2v-1.5ZM8 12v-1.5h2a.5.5 0 0 0 .5-.5V8H12v2a2 2 0 0 1-2 2H8Zm2-12a2 2 0 0 1 2 2v2h-1.5V2a.5.5 0 0 0-.5-.5H8V0h2Z\" \/>\n\t\t\t<\/svg>\n\t\t<\/button><\/figure>\n\n\n\n<p class=\"has-text-align-center\">Die Edlweissh\u00fctte ist eine kleine Almh\u00fctte auf der Seiser Alm und wird als Familienbetrieb gef\u00fchrt. Unsere G\u00e4ste sitzen ausschlie\u00dflich im Freien, ein Gro\u00dfteil der Arbeit findet daher drau\u00dfen statt &#8211; erg\u00e4nzt durch T\u00e4tigkeiten im H\u00fcttenalltag.<br>Wir arbeiten in einem \u00fcberschaubaren Team, mit kurzen Entscheidungswegen und direktem Miteinander.<\/p>\n\n\n\n<h2 class=\"wp-block-heading has-text-align-center\">Offene Positionen (m\/w\/d)<\/h2>\n\n\n\n<div class=\"wp-block-group is-nowrap is-layout-flex wp-container-core-group-is-layout-6c531013 wp-block-group-is-layout-flex\">\n<ul class=\"wp-block-list\">\n<li>Kellner:in \/ Servicefachkraft <\/li>\n\n\n\n<li>Allrounder:in auf der H\u00fctte <\/li>\n<\/ul>\n<\/div>\n\n\n\n<p class=\"has-text-align-left\">Art der Stelle: Saisonsstelle &#8211; Vollzeit (nach Vereinbarung)<\/p>\n\n\n\n<h2 class=\"wp-block-heading has-text-align-center\">Was Dich bei uns erwartet<\/h2>\n\n\n\n<ul class=\"wp-block-list\">\n<li>Abwechslungsreiche, lebendige Arbeitstage<\/li>\n\n\n\n<li>Direkter Kontakt mit G\u00e4sten aus aller Welt<\/li>\n\n\n\n<li>Arbeiten an der frischen Luft, erg\u00e4nzt durch T\u00e4tigkeiten im H\u00fcttenalltag<\/li>\n\n\n\n<li>Tagesbetrieb mit klaren, durchgehenden Arbeitszeiten<\/li>\n\n\n\n<li>Samstags fix frei<\/li>\n\n\n\n<li>Arbeiten im \u00fcberschaubaren Team mit kurzen Entscheidungswegen<\/li>\n\n\n\n<li>Ein Arbeitsplatz, an dem Leistung, Teamgeist und Freude an der Arbeit z\u00e4hlen<\/li>\n<\/ul>\n\n\n\n<figure class=\"wp-block-image alignfull size-large\"><img loading=\"lazy\" decoding=\"async\" width=\"1400\" height=\"934\" src=\"https:\/\/www.grimmhof.it\/wp-content\/uploads\/2025\/07\/fabian-dalpiaz-web3-4-1400x934.jpg\" alt=\"\" class=\"wp-image-1852\" srcset=\"https:\/\/www.grimmhof.it\/wp-content\/uploads\/2025\/07\/fabian-dalpiaz-web3-4-1400x934.jpg 1400w, https:\/\/www.grimmhof.it\/wp-content\/uploads\/2025\/07\/fabian-dalpiaz-web3-4.jpg 2048w, https:\/\/www.grimmhof.it\/wp-content\/uploads\/2025\/07\/fabian-dalpiaz-web3-4-700x467.jpg 700w, https:\/\/www.grimmhof.it\/wp-content\/uploads\/2025\/07\/fabian-dalpiaz-web3-4-768x512.jpg 768w, https:\/\/www.grimmhof.it\/wp-content\/uploads\/2025\/07\/fabian-dalpiaz-web3-4-50x33.jpg 50w, https:\/\/www.grimmhof.it\/wp-content\/uploads\/2025\/07\/fabian-dalpiaz-web3-4-1600x1067.jpg 1600w, https:\/\/www.grimmhof.it\/wp-content\/uploads\/2025\/07\/fabian-dalpiaz-web3-4-1536x1025.jpg 1536w\" sizes=\"auto, (max-width: 1400px) 100vw, 1400px\" \/><\/figure>\n\n\n\n<h2 class=\"wp-block-heading has-text-align-center\">Was uns wichtig ist<\/h2>\n\n\n\n<p class=\"has-text-align-center\">Wir suchen Menschen, die gerne arbeiten, Verantwortung \u00fcbernehmen und Freude am H\u00fcttenalltag haben.<\/p>\n\n\n\n<ul class=\"wp-block-list\">\n<li>Freundlicher, respektvoller Umgang mit G\u00e4sten<\/li>\n\n\n\n<li>Teamgeist und Verl\u00e4sslichkeit<\/li>\n\n\n\n<li>Freude an Bewegung und aktiven Arbeiten<\/li>\n\n\n\n<li>Sprachkenntnisse in Deutsch\/Italienisch\/Englisch von Vorteil<\/li>\n\n\n\n<li>Motivation und positive Grundeinstellung<\/li>\n<\/ul>\n\n\n\n<h2 class=\"wp-block-heading has-text-align-center\">Gut zu wissen<\/h2>\n\n\n\n<ul class=\"wp-block-list\">\n<li>Saisonsstelle in Vollzeit (nach Absprache auch 5 Tagewoche m\u00f6glich)<\/li>\n\n\n\n<li>Durchgehender Tagesbetrieb<\/li>\n\n\n\n<li>Samstag fix frei<\/li>\n\n\n\n<li>Keine Unterkunft vorhanden<\/li>\n<\/ul>\n\n\n\n<div class=\"wp-block-buttons is-content-justification-center is-layout-flex wp-container-core-buttons-is-layout-a89b3969 wp-block-buttons-is-layout-flex\">\n<div class=\"wp-block-button\"><a class=\"wp-block-button__link wp-element-button\" href=\"https:\/\/www.grimmhof.it\/de\/offnungszeiten\/\">Zu unseren \u00f6ffnungszeiten<\/a><\/div>\n<\/div>\n\n\n\n<h2 class=\"wp-block-heading has-text-align-center\">Warum ein Job auf der Edlweissh\u00fctte<\/h2>\n\n\n\n<p class=\"has-text-align-center\">Die Edlweissh\u00fctte ist klein, pers\u00f6nlich und famili\u00e4r &#8211; hier kennt man sich, hier z\u00e4hlt jeder Handgriff.<br>Du arbeitest mitten in der Natur, an der frischen Luft, und bist Teil eines Teams, das zusammenh\u00e4lt und Freude an echter Gastfreundschaft hat.<\/p>\n\n\n\n<figure class=\"wp-block-image alignfull size-large\"><img loading=\"lazy\" decoding=\"async\" width=\"1400\" height=\"933\" src=\"https:\/\/www.grimmhof.it\/wp-content\/uploads\/2026\/04\/edlweiss-3-1400x933.jpg\" alt=\"\" class=\"wp-image-2652\" srcset=\"https:\/\/www.grimmhof.it\/wp-content\/uploads\/2026\/04\/edlweiss-3-1400x933.jpg 1400w, https:\/\/www.grimmhof.it\/wp-content\/uploads\/2026\/04\/edlweiss-3.jpg 1500w, https:\/\/www.grimmhof.it\/wp-content\/uploads\/2026\/04\/edlweiss-3-700x467.jpg 700w, https:\/\/www.grimmhof.it\/wp-content\/uploads\/2026\/04\/edlweiss-3-768x512.jpg 768w, https:\/\/www.grimmhof.it\/wp-content\/uploads\/2026\/04\/edlweiss-3-50x33.jpg 50w\" sizes=\"auto, (max-width: 1400px) 100vw, 1400px\" \/><\/figure>\n\n\n\n<h2 class=\"wp-block-heading has-text-align-center\">Jetzt bewerben<\/h2>\n\n\n\n<p class=\"has-text-align-center\">Wir sind laufend auf der Suche nach Mitarbeiter:innen &#8211; auch Initiativbewerbungen sind willkommen.<br>M\u00f6chtest Du Teil unseres Teams werden?<br>Dann freuen wir uns auf Deine Bewerbung.<br>Lebenslauf und Bewerbung per E-Mail an: info@grimmhof.it oder an +39 345 0829 601<\/p>\n\n\n\n<div class=\"wp-block-buttons is-content-justification-center is-layout-flex wp-container-core-buttons-is-layout-a89b3969 wp-block-buttons-is-layout-flex\">\n<div class=\"wp-block-button\"><a class=\"wp-block-button__link has-large-font-size has-text-align-center has-custom-font-size wp-element-button\" href=\"mailto:info@grimmhof.it\">&#x1f48c;  jetzt Bewerben<\/a><\/div>\n<\/div>\n\n\n\n<figure class=\"wp-block-image size-large\"><img loading=\"lazy\" decoding=\"async\" width=\"1400\" height=\"934\" src=\"https:\/\/www.grimmhof.it\/wp-content\/uploads\/2025\/01\/fabian_dalpiaz7-1400x934.jpg\" alt=\"\" class=\"wp-image-560\" srcset=\"https:\/\/www.grimmhof.it\/wp-content\/uploads\/2025\/01\/fabian_dalpiaz7-1400x934.jpg 1400w, https:\/\/www.grimmhof.it\/wp-content\/uploads\/2025\/01\/fabian_dalpiaz7-700x467.jpg 700w, https:\/\/www.grimmhof.it\/wp-content\/uploads\/2025\/01\/fabian_dalpiaz7-768x512.jpg 768w, https:\/\/www.grimmhof.it\/wp-content\/uploads\/2025\/01\/fabian_dalpiaz7-50x33.jpg 50w, https:\/\/www.grimmhof.it\/wp-content\/uploads\/2025\/01\/fabian_dalpiaz7-1600x1067.jpg 1600w, https:\/\/www.grimmhof.it\/wp-content\/uploads\/2025\/01\/fabian_dalpiaz7-1536x1025.jpg 1536w, https:\/\/www.grimmhof.it\/wp-content\/uploads\/2025\/01\/fabian_dalpiaz7.jpg 2048w\" sizes=\"auto, (max-width: 1400px) 100vw, 1400px\" \/><\/figure>\n\n\n\n<hr class=\"wp-block-separator has-alpha-channel-opacity is-style-dots\"\/>\n","protected":false},"excerpt":{"rendered":"<p>Arbeiten auf der Edlweissh\u00fctte Lust auf was Neues? Wir sind laufend auf der Suche nach motivierten Mitarbeiter:innen (m\/w\/d\/deutsch) f\u00fcr Saisonsstellen in unserer familiengef\u00fchrten Edlweissh\u00fctte auf der Seiser Alm.Lebendige Arbeitstage, direkte G\u00e4stekontakte und ein starkes, \u00fcberschaubares Team warten auf Dich. Unser Team f\u00fcr die Sommersaison 2026 ist bereits komplett. Vielen Dank f\u00fcr das gro\u00dfe Interesse an [&hellip;]<\/p>\n","protected":false},"author":2,"featured_media":0,"parent":0,"menu_order":0,"comment_status":"closed","ping_status":"closed","template":"","meta":{"footnotes":""},"class_list":["post-2324","page","type-page","status-publish","hentry"],"_links":{"self":[{"href":"https:\/\/www.grimmhof.it\/de\/wp-json\/wp\/v2\/pages\/2324","targetHints":{"allow":["GET"]}}],"collection":[{"href":"https:\/\/www.grimmhof.it\/de\/wp-json\/wp\/v2\/pages"}],"about":[{"href":"https:\/\/www.grimmhof.it\/de\/wp-json\/wp\/v2\/types\/page"}],"author":[{"embeddable":true,"href":"https:\/\/www.grimmhof.it\/de\/wp-json\/wp\/v2\/users\/2"}],"replies":[{"embeddable":true,"href":"https:\/\/www.grimmhof.it\/de\/wp-json\/wp\/v2\/comments?post=2324"}],"version-history":[{"count":22,"href":"https:\/\/www.grimmhof.it\/de\/wp-json\/wp\/v2\/pages\/2324\/revisions"}],"predecessor-version":[{"id":2704,"href":"https:\/\/www.grimmhof.it\/de\/wp-json\/wp\/v2\/pages\/2324\/revisions\/2704"}],"wp:attachment":[{"href":"https:\/\/www.grimmhof.it\/de\/wp-json\/wp\/v2\/media?parent=2324"}],"curies":[{"name":"wp","href":"https:\/\/api.w.org\/{rel}","templated":true}]}}